{"id":389,"date":"2026-01-19T19:13:34","date_gmt":"2026-01-19T18:13:34","guid":{"rendered":"https:\/\/fundcapp.org\/es\/?page_id=389"},"modified":"2026-01-19T20:21:12","modified_gmt":"2026-01-19T19:21:12","slug":"quienes-somos","status":"publish","type":"page","link":"https:\/\/fundcapp.org\/es\/quienes-somos\/","title":{"rendered":"Qui\u00e9nes Somos"},"content":{"rendered":"\t\t<div data-elementor-type=\"wp-page\" data-elementor-id=\"389\" class=\"elementor elementor-389\" data-elementor-post-type=\"page\">\n\t\t\t\t<div class=\"elementor-element elementor-element-5270a47 e-flex e-con-boxed e-con e-parent\" data-id=\"5270a47\" data-element_type=\"container\" data-e-type=\"container\" data-settings=\"{&quot;background_background&quot;:&quot;classic&quot;,&quot;jet_parallax_layout_list&quot;:[]}\">\n\t\t\t\t\t<div class=\"e-con-inner\">\n\t\t\t\t<div class=\"elementor-element elementor-element-0a1da52 elementor-widget elementor-widget-heading\" data-id=\"0a1da52\" data-element_type=\"widget\" data-e-type=\"widget\" data-widget_type=\"heading.default\">\n\t\t\t\t\t<p class=\"elementor-heading-title elementor-size-default\">Qui\u00e9nes Somos<\/p>\t\t\t\t<\/div>\n\t\t\t\t\t<\/div>\n\t\t\t\t<\/div>\n\t\t<div class=\"elementor-element elementor-element-35bc4ae e-flex e-con-boxed e-con e-parent\" data-id=\"35bc4ae\" data-element_type=\"container\" data-e-type=\"container\" data-settings=\"{&quot;jet_parallax_layout_list&quot;:[]}\">\n\t\t\t\t\t<div class=\"e-con-inner\">\n\t\t<div class=\"elementor-element elementor-element-107322d e-con-full e-flex e-con e-child\" data-id=\"107322d\" data-element_type=\"container\" data-e-type=\"container\" data-settings=\"{&quot;jet_parallax_layout_list&quot;:[]}\">\n\t\t\t\t<div class=\"elementor-element elementor-element-136c444 elementor-widget elementor-widget-text-editor\" data-id=\"136c444\" data-element_type=\"widget\" data-e-type=\"widget\" data-widget_type=\"text-editor.default\">\n\t\t\t\t\t\t\t\t\t<p>La Fundaci\u00f3n comit\u00e9 de apoyo al pueblo palestino \u00a0fue constituida con fecha dieciocho de diciembre de 2007 y consta inscrita en el Registro de Fundaciones de competencia estatal por Resoluci\u00f3n de 26 de octubre de 2018, siendo el n\u00ba de Registro asignado el 2116. La inscripci\u00f3n conlleva el reconocimiento del inter\u00e9s general de sus fines y se encuentra incluida entre las reguladas en el art\u00edculo 16 de la Ley 49\/2002 de r\u00e9gimen fiscal de las entidades sin fines lucrativos y de los incentivos fiscales al mecenazgo.<\/p><p>La idea de constituir la fundaci\u00f3n CAPP surgi\u00f3 como consecuencia de las condiciones de vida infrahumanas y el asedio internacional que est\u00e1 viviendo el pueblo palestino, y naci\u00f3 con la finalidad de apoyar a las personas damnificadas y necesitadas en Palestina a trav\u00e9s de ayudas y servicios sociales, humanitarios, educativos y sanitarios.<\/p>\t\t\t\t\t\t\t\t<\/div>\n\t\t\t\t<\/div>\n\t\t<div class=\"elementor-element elementor-element-4df136d e-con-full e-flex e-con e-child\" data-id=\"4df136d\" data-element_type=\"container\" data-e-type=\"container\" data-settings=\"{&quot;jet_parallax_layout_list&quot;:[]}\">\n\t\t\t\t<div class=\"elementor-element elementor-element-f66839f elementor-widget elementor-widget-image\" data-id=\"f66839f\" data-element_type=\"widget\" data-e-type=\"widget\" data-widget_type=\"image.default\">\n\t\t\t\t\t\t\t\t\t\t\t\t\t\t\t<img fetchpriority=\"high\" decoding=\"async\" width=\"900\" height=\"599\" src=\"https:\/\/fundcapp.org\/es\/wp-content\/uploads\/2026\/01\/QuienesSomos2-1024x682.jpg\" class=\"attachment-large size-large wp-image-397\" alt=\"\" srcset=\"https:\/\/fundcapp.org\/es\/wp-content\/uploads\/2026\/01\/QuienesSomos2-1024x682.jpg 1024w, https:\/\/fundcapp.org\/es\/wp-content\/uploads\/2026\/01\/QuienesSomos2-300x200.jpg 300w, https:\/\/fundcapp.org\/es\/wp-content\/uploads\/2026\/01\/QuienesSomos2-768x512.jpg 768w, https:\/\/fundcapp.org\/es\/wp-content\/uploads\/2026\/01\/QuienesSomos2.jpg 1351w\" sizes=\"(max-width: 900px) 100vw, 900px\" \/>\t\t\t\t\t\t\t\t\t\t\t\t\t\t\t<\/div>\n\t\t\t\t<div class=\"elementor-element elementor-element-260125f elementor-widget elementor-widget-image\" data-id=\"260125f\" data-element_type=\"widget\" data-e-type=\"widget\" data-widget_type=\"image.default\">\n\t\t\t\t\t\t\t\t\t\t\t\t\t\t\t<img decoding=\"async\" width=\"900\" height=\"599\" src=\"https:\/\/fundcapp.org\/es\/wp-content\/uploads\/2026\/01\/headerQuienesSomos1-1024x682.jpg\" class=\"attachment-large size-large wp-image-392\" alt=\"\" srcset=\"https:\/\/fundcapp.org\/es\/wp-content\/uploads\/2026\/01\/headerQuienesSomos1-1024x682.jpg 1024w, https:\/\/fundcapp.org\/es\/wp-content\/uploads\/2026\/01\/headerQuienesSomos1-300x200.jpg 300w, https:\/\/fundcapp.org\/es\/wp-content\/uploads\/2026\/01\/headerQuienesSomos1-768x512.jpg 768w, https:\/\/fundcapp.org\/es\/wp-content\/uploads\/2026\/01\/headerQuienesSomos1.jpg 1351w\" sizes=\"(max-width: 900px) 100vw, 900px\" \/>\t\t\t\t\t\t\t\t\t\t\t\t\t\t\t<\/div>\n\t\t\t\t<\/div>\n\t\t\t\t\t<\/div>\n\t\t\t\t<\/div>\n\t\t<div class=\"elementor-element elementor-element-39d5e0c e-flex e-con-boxed e-con e-parent\" data-id=\"39d5e0c\" data-element_type=\"container\" data-e-type=\"container\" data-settings=\"{&quot;background_background&quot;:&quot;classic&quot;,&quot;jet_parallax_layout_list&quot;:[]}\">\n\t\t\t\t\t<div class=\"e-con-inner\">\n\t\t<div class=\"elementor-element elementor-element-ac6ae15 e-con-full e-flex e-con e-child\" data-id=\"ac6ae15\" data-element_type=\"container\" data-e-type=\"container\" data-settings=\"{&quot;background_background&quot;:&quot;classic&quot;,&quot;jet_parallax_layout_list&quot;:[]}\">\n\t\t\t\t<div class=\"elementor-element elementor-element-f82afe7 elementor-widget elementor-widget-heading\" data-id=\"f82afe7\" data-element_type=\"widget\" data-e-type=\"widget\" data-widget_type=\"heading.default\">\n\t\t\t\t\t<h2 class=\"elementor-heading-title elementor-size-default\">Nuestra misi\u00f3n<\/h2>\t\t\t\t<\/div>\n\t\t\t\t<\/div>\n\t\t<div class=\"elementor-element elementor-element-0baf39e e-con-full e-flex e-con e-child\" data-id=\"0baf39e\" data-element_type=\"container\" data-e-type=\"container\" data-settings=\"{&quot;background_background&quot;:&quot;classic&quot;,&quot;jet_parallax_layout_list&quot;:[]}\">\n\t\t\t\t<div class=\"elementor-element elementor-element-7df0e0b elementor-widget elementor-widget-text-editor\" data-id=\"7df0e0b\" data-element_type=\"widget\" data-e-type=\"widget\" data-widget_type=\"text-editor.default\">\n\t\t\t\t\t\t\t\t\t<p>Nuestra misi\u00f3n, es aliviar la pobreza de los palestinos m\u00e1s pobres a trav\u00e9s de operaciones de asistencia de emergencia, acciones continuas y programas de desarrollo econ\u00f3mico y social.<\/p><p>Trabajamos incansablemente a favor del pueblo Palestino con el \u00fanico objetivo: desarrollar una solidaridad al servicio de los m\u00e1s vulnerables en colaboraci\u00f3n directa con nuestros socios locales.<\/p>\t\t\t\t\t\t\t\t<\/div>\n\t\t\t\t<\/div>\n\t\t\t\t\t<\/div>\n\t\t\t\t<\/div>\n\t\t<div class=\"elementor-element elementor-element-260dce7 e-flex e-con-boxed e-con e-parent\" data-id=\"260dce7\" data-element_type=\"container\" data-e-type=\"container\" data-settings=\"{&quot;background_background&quot;:&quot;classic&quot;,&quot;jet_parallax_layout_list&quot;:[]}\">\n\t\t\t\t\t<div class=\"e-con-inner\">\n\t\t<div class=\"elementor-element elementor-element-5647346 e-con-full e-flex e-con e-child\" data-id=\"5647346\" data-element_type=\"container\" data-e-type=\"container\" data-settings=\"{&quot;background_background&quot;:&quot;classic&quot;,&quot;jet_parallax_layout_list&quot;:[]}\">\n\t\t\t\t<div class=\"elementor-element elementor-element-63c0dfa elementor-widget elementor-widget-heading\" data-id=\"63c0dfa\" data-element_type=\"widget\" data-e-type=\"widget\" data-widget_type=\"heading.default\">\n\t\t\t\t\t<h2 class=\"elementor-heading-title elementor-size-default\">Nuestra visi\u00f3n<\/h2>\t\t\t\t<\/div>\n\t\t\t\t<\/div>\n\t\t<div class=\"elementor-element elementor-element-f693ed5 e-con-full e-flex e-con e-child\" data-id=\"f693ed5\" data-element_type=\"container\" data-e-type=\"container\" data-settings=\"{&quot;background_background&quot;:&quot;classic&quot;,&quot;jet_parallax_layout_list&quot;:[]}\">\n\t\t\t\t<div class=\"elementor-element elementor-element-d5b3c1d elementor-widget elementor-widget-text-editor\" data-id=\"d5b3c1d\" data-element_type=\"widget\" data-e-type=\"widget\" data-widget_type=\"text-editor.default\">\n\t\t\t\t\t\t\t\t\t<p>Queremos ser una organizaci\u00f3n reconocida como l\u00edder y referente en el campo humanitario.<\/p>\t\t\t\t\t\t\t\t<\/div>\n\t\t\t\t<\/div>\n\t\t\t\t\t<\/div>\n\t\t\t\t<\/div>\n\t\t<div class=\"elementor-element elementor-element-dab32fc e-flex e-con-boxed e-con e-parent\" data-id=\"dab32fc\" data-element_type=\"container\" data-e-type=\"container\" data-settings=\"{&quot;background_background&quot;:&quot;classic&quot;,&quot;jet_parallax_layout_list&quot;:[]}\">\n\t\t\t\t\t<div class=\"e-con-inner\">\n\t\t<div class=\"elementor-element elementor-element-0ac6148 e-con-full e-flex e-con e-child\" data-id=\"0ac6148\" data-element_type=\"container\" data-e-type=\"container\" data-settings=\"{&quot;background_background&quot;:&quot;classic&quot;,&quot;jet_parallax_layout_list&quot;:[]}\">\n\t\t\t\t<div class=\"elementor-element elementor-element-56232c7 elementor-widget elementor-widget-heading\" data-id=\"56232c7\" data-element_type=\"widget\" data-e-type=\"widget\" data-widget_type=\"heading.default\">\n\t\t\t\t\t<h2 class=\"elementor-heading-title elementor-size-default\">Nuestros objetivos<\/h2>\t\t\t\t<\/div>\n\t\t\t\t<\/div>\n\t\t<div class=\"elementor-element elementor-element-1c99d53 e-con-full e-flex e-con e-child\" data-id=\"1c99d53\" data-element_type=\"container\" data-e-type=\"container\" data-settings=\"{&quot;background_background&quot;:&quot;classic&quot;,&quot;jet_parallax_layout_list&quot;:[]}\">\n\t\t\t\t<div class=\"elementor-element elementor-element-cb8fb86 elementor-widget elementor-widget-text-editor\" data-id=\"cb8fb86\" data-element_type=\"widget\" data-e-type=\"widget\" data-widget_type=\"text-editor.default\">\n\t\t\t\t\t\t\t\t\t<p>\u2666\u00a0<strong>Buscar recursos<\/strong>\u00a0para garantizar\u00a0 todos los servicios a los pobres y necesitados.<\/p><p>\u2666\u00a0<strong>Promover proyectos<\/strong>\u00a0cient\u00edficos, culturales, literarios y deportivos, y trabajar por el desarrollo y el bienestar de la sociedad.<\/p><p>\u2666\u00a0<strong>Mejorar las condiciones de vida<\/strong>\u00a0de las familias a trav\u00e9s de proyectos productivos y fuentes estables de provisi\u00f3n.<\/p><p><strong>\u2666 Recoger, gestionar y mandar las ayudas<\/strong>\u00a0urgentes a los necesitados en los momentos indispensables<\/p><p>\u2666\u00a0<strong>Proveer<\/strong>\u00a0de un medio de sustento continuo a los\u00a0<strong>hu\u00e9rfanos<\/strong>\u00a0para seguir adelante con su vida<\/p>\t\t\t\t\t\t\t\t<\/div>\n\t\t\t\t<\/div>\n\t\t\t\t\t<\/div>\n\t\t\t\t<\/div>\n\t\t<div class=\"elementor-element elementor-element-ec20c17 e-flex e-con-boxed e-con e-parent\" data-id=\"ec20c17\" data-element_type=\"container\" data-e-type=\"container\" data-settings=\"{&quot;background_background&quot;:&quot;classic&quot;,&quot;jet_parallax_layout_list&quot;:[]}\">\n\t\t\t\t\t<div class=\"e-con-inner\">\n\t\t<div class=\"elementor-element elementor-element-7ad5b8a e-con-full e-flex e-con e-child\" data-id=\"7ad5b8a\" data-element_type=\"container\" data-e-type=\"container\" data-settings=\"{&quot;background_background&quot;:&quot;classic&quot;,&quot;jet_parallax_layout_list&quot;:[]}\">\n\t\t\t\t<div class=\"elementor-element elementor-element-c7a590a elementor-widget elementor-widget-heading\" data-id=\"c7a590a\" data-element_type=\"widget\" data-e-type=\"widget\" data-widget_type=\"heading.default\">\n\t\t\t\t\t<h2 class=\"elementor-heading-title elementor-size-default\">Nuestros valores<\/h2>\t\t\t\t<\/div>\n\t\t\t\t<\/div>\n\t\t<div class=\"elementor-element elementor-element-614abbb e-con-full e-flex e-con e-child\" data-id=\"614abbb\" data-element_type=\"container\" data-e-type=\"container\" data-settings=\"{&quot;background_background&quot;:&quot;classic&quot;,&quot;jet_parallax_layout_list&quot;:[]}\">\n\t\t\t\t<div class=\"elementor-element elementor-element-0b0f568 elementor-widget elementor-widget-text-editor\" data-id=\"0b0f568\" data-element_type=\"widget\" data-e-type=\"widget\" data-widget_type=\"text-editor.default\">\n\t\t\t\t\t\t\t\t\t<p><strong>\u2666 Compromiso<\/strong>\u00a0con las personas a las que van dirigidos nuestros proyectos, para que siempre cuenten con nosotros, para que sepan que siempre intentaremos estar a su lado. Pero tambi\u00e9n compromiso con las personas que nos ayudan y nos apoyan, porque deseamos que vean el fruto de sus aportaciones de manera transparente y cercana.<\/p><p><strong>\u2666 Unidad:<\/strong>\u00a0Creemos en el trabajo en equipo y en la colaboraci\u00f3n con otras organizaciones e instituciones para potenciar sinergias y mejorar el rendimiento de nuestro trabajo.<\/p><p><strong>\u2666 Dignidad:<\/strong>\u00a0Pretendemos que todas las personas puedan ejercer sus derechos y est\u00e9n capacitadas para disfrutar de una vida digna.<\/p><p><strong>\u2666 Transparencia\u00a0<\/strong>y buena gesti\u00f3n de nuestros recursos y actividades.<\/p>\t\t\t\t\t\t\t\t<\/div>\n\t\t\t\t<\/div>\n\t\t\t\t\t<\/div>\n\t\t\t\t<\/div>\n\t\t<div class=\"elementor-element elementor-element-8c63502 e-flex e-con-boxed e-con e-parent\" data-id=\"8c63502\" data-element_type=\"container\" data-e-type=\"container\" data-settings=\"{&quot;background_background&quot;:&quot;classic&quot;,&quot;jet_parallax_layout_list&quot;:[]}\">\n\t\t\t\t\t<div class=\"e-con-inner\">\n\t\t<div class=\"elementor-element elementor-element-74c7390 e-con-full e-flex e-con e-child\" data-id=\"74c7390\" data-element_type=\"container\" data-e-type=\"container\" data-settings=\"{&quot;background_background&quot;:&quot;classic&quot;,&quot;jet_parallax_layout_list&quot;:[]}\">\n\t\t\t\t<div class=\"elementor-element elementor-element-1b72cdc elementor-widget elementor-widget-heading\" data-id=\"1b72cdc\" data-element_type=\"widget\" data-e-type=\"widget\" data-widget_type=\"heading.default\">\n\t\t\t\t\t<h2 class=\"elementor-heading-title elementor-size-default\">Campo de actuaci\u00f3n<\/h2>\t\t\t\t<\/div>\n\t\t\t\t<\/div>\n\t\t<div class=\"elementor-element elementor-element-eb7dcd0 e-con-full e-flex e-con e-child\" data-id=\"eb7dcd0\" data-element_type=\"container\" data-e-type=\"container\" data-settings=\"{&quot;background_background&quot;:&quot;classic&quot;,&quot;jet_parallax_layout_list&quot;:[]}\">\n\t\t\t\t<div class=\"elementor-element elementor-element-b7bbcc5 elementor-widget elementor-widget-text-editor\" data-id=\"b7bbcc5\" data-element_type=\"widget\" data-e-type=\"widget\" data-widget_type=\"text-editor.default\">\n\t\t\t\t\t\t\t\t\t<p><strong>\u2666 Ayudar y socorrer<\/strong>\u00a0a los palestinos dentro de Palestina y en los distintos pa\u00edses colindantes.<\/p><p><strong>\u2666 Sensibilizar de la sociedad<\/strong>\u00a0espa\u00f1ola sobre la situaci\u00f3n inhumana que sufren los palestinos.<\/p><p><strong>\u2666 Ense\u00f1ar la historia de Palestina<\/strong>\u00a0y defender la legitimidad de la causa Palestina.\u00a0<\/p>\t\t\t\t\t\t\t\t<\/div>\n\t\t\t\t<\/div>\n\t\t\t\t\t<\/div>\n\t\t\t\t<\/div>\n\t\t<div class=\"elementor-element elementor-element-33a405b e-flex e-con-boxed e-con e-parent\" data-id=\"33a405b\" data-element_type=\"container\" data-e-type=\"container\" data-settings=\"{&quot;jet_parallax_layout_list&quot;:[]}\">\n\t\t\t\t\t<div class=\"e-con-inner\">\n\t\t\t\t<div class=\"elementor-element elementor-element-828633a elementor-widget-divider--view-line_text elementor-widget-divider--element-align-center elementor-widget elementor-widget-divider\" data-id=\"828633a\" data-element_type=\"widget\" data-e-type=\"widget\" data-widget_type=\"divider.default\">\n\t\t\t\t\t\t\t<div class=\"elementor-divider\">\n\t\t\t<span class=\"elementor-divider-separator\">\n\t\t\t\t\t\t\t<span class=\"elementor-divider__text elementor-divider__element\">\n\t\t\t\tJunta Directiva\t\t\t\t<\/span>\n\t\t\t\t\t\t<\/span>\n\t\t<\/div>\n\t\t\t\t\t\t<\/div>\n\t\t\t\t<div class=\"elementor-element elementor-element-c747ec5 elementor-position-left elementor-vertical-align-middle elementor-widget elementor-widget-image-box\" data-id=\"c747ec5\" data-element_type=\"widget\" data-e-type=\"widget\" data-widget_type=\"image-box.default\">\n\t\t\t\t\t<div class=\"elementor-image-box-wrapper\"><figure class=\"elementor-image-box-img\"><img decoding=\"async\" width=\"240\" height=\"240\" src=\"https:\/\/fundcapp.org\/es\/wp-content\/uploads\/2026\/01\/JD_NasserYounis.jpg\" class=\"attachment-full size-full wp-image-406\" alt=\"\" srcset=\"https:\/\/fundcapp.org\/es\/wp-content\/uploads\/2026\/01\/JD_NasserYounis.jpg 240w, https:\/\/fundcapp.org\/es\/wp-content\/uploads\/2026\/01\/JD_NasserYounis-150x150.jpg 150w\" sizes=\"(max-width: 240px) 100vw, 240px\" \/><\/figure><div class=\"elementor-image-box-content\"><h3 class=\"elementor-image-box-title\">Naser Younis Salim Salim - Presidente<\/h3><p class=\"elementor-image-box-description\">Odont\u00f3logo espa\u00f1ol de origen palestino nacido en Kuwait y vive en Valencia .  Actualmente es el presidente   de la Fundaci\u00f3n CAPP. Miembro fundador de la fundaci\u00f3n CAPP en 2007. <\/p><\/div><\/div>\t\t\t\t<\/div>\n\t\t\t\t<div class=\"elementor-element elementor-element-5a32cfc elementor-position-left elementor-vertical-align-middle elementor-widget elementor-widget-image-box\" data-id=\"5a32cfc\" data-element_type=\"widget\" data-e-type=\"widget\" data-widget_type=\"image-box.default\">\n\t\t\t\t\t<div class=\"elementor-image-box-wrapper\"><figure class=\"elementor-image-box-img\"><img loading=\"lazy\" decoding=\"async\" width=\"240\" height=\"240\" src=\"https:\/\/fundcapp.org\/es\/wp-content\/uploads\/2026\/01\/JD_AlaedinAwat.jpg\" class=\"attachment-full size-full wp-image-407\" alt=\"\" srcset=\"https:\/\/fundcapp.org\/es\/wp-content\/uploads\/2026\/01\/JD_AlaedinAwat.jpg 240w, https:\/\/fundcapp.org\/es\/wp-content\/uploads\/2026\/01\/JD_AlaedinAwat-150x150.jpg 150w\" sizes=\"(max-width: 240px) 100vw, 240px\" \/><\/figure><div class=\"elementor-image-box-content\"><h3 class=\"elementor-image-box-title\">Alaedin Awad Hussein - Vicepresidente<\/h3><p class=\"elementor-image-box-description\">Odont\u00f3logo espa\u00f1ol de origen palestino nacido en Kuwait y vive en Valencia .  Actualmente es el Vicepresidente  y  tesorero de la Fundaci\u00f3n CAPP. Miembro fundador de la fundaci\u00f3n CAPP en 2007. <\/p><\/div><\/div>\t\t\t\t<\/div>\n\t\t\t\t<div class=\"elementor-element elementor-element-6015080 elementor-position-left elementor-vertical-align-middle elementor-widget elementor-widget-image-box\" data-id=\"6015080\" data-element_type=\"widget\" data-e-type=\"widget\" data-widget_type=\"image-box.default\">\n\t\t\t\t\t<div class=\"elementor-image-box-wrapper\"><figure class=\"elementor-image-box-img\"><img loading=\"lazy\" decoding=\"async\" width=\"240\" height=\"240\" src=\"https:\/\/fundcapp.org\/es\/wp-content\/uploads\/2026\/01\/JD_Rabah.jpg\" class=\"attachment-full size-full wp-image-408\" alt=\"\" srcset=\"https:\/\/fundcapp.org\/es\/wp-content\/uploads\/2026\/01\/JD_Rabah.jpg 240w, https:\/\/fundcapp.org\/es\/wp-content\/uploads\/2026\/01\/JD_Rabah-150x150.jpg 150w\" sizes=\"(max-width: 240px) 100vw, 240px\" \/><\/figure><div class=\"elementor-image-box-content\"><h3 class=\"elementor-image-box-title\"> Rabah Boughena Si Bachir - Secretario<\/h3><p class=\"elementor-image-box-description\">Espa\u00f1ol de origen argelino , vive en Valencia . Licenciado en Derecho de la universidad de Or\u00e1n . Actualmente es el Secretario y Director de la Fundaci\u00f3n CAPP.<\/p><\/div><\/div>\t\t\t\t<\/div>\n\t\t\t\t<div class=\"elementor-element elementor-element-2acbd9c elementor-position-left elementor-vertical-align-middle elementor-widget elementor-widget-image-box\" data-id=\"2acbd9c\" data-element_type=\"widget\" data-e-type=\"widget\" data-widget_type=\"image-box.default\">\n\t\t\t\t\t<div class=\"elementor-image-box-wrapper\"><figure class=\"elementor-image-box-img\"><img loading=\"lazy\" decoding=\"async\" width=\"240\" height=\"240\" src=\"https:\/\/fundcapp.org\/es\/wp-content\/uploads\/2026\/01\/JD_angMariaGadea.jpg\" class=\"attachment-full size-full wp-image-409\" alt=\"\" srcset=\"https:\/\/fundcapp.org\/es\/wp-content\/uploads\/2026\/01\/JD_angMariaGadea.jpg 240w, https:\/\/fundcapp.org\/es\/wp-content\/uploads\/2026\/01\/JD_angMariaGadea-150x150.jpg 150w\" sizes=\"(max-width: 240px) 100vw, 240px\" \/><\/figure><div class=\"elementor-image-box-content\"><h3 class=\"elementor-image-box-title\"> \u00c1ngela Mar\u00eda Gadea L\u00f3pez - Vocal<\/h3><p class=\"elementor-image-box-description\">Nacida en valencia. Licenciada en filolog\u00eda francesa por la Universidad de Valencia. Profesora de secundaria de lengua francesa.<\/p><\/div><\/div>\t\t\t\t<\/div>\n\t\t\t\t<div class=\"elementor-element elementor-element-00b66b7 elementor-position-left elementor-vertical-align-middle elementor-widget elementor-widget-image-box\" data-id=\"00b66b7\" data-element_type=\"widget\" data-e-type=\"widget\" data-widget_type=\"image-box.default\">\n\t\t\t\t\t<div class=\"elementor-image-box-wrapper\"><figure class=\"elementor-image-box-img\"><img loading=\"lazy\" decoding=\"async\" width=\"240\" height=\"240\" src=\"https:\/\/fundcapp.org\/es\/wp-content\/uploads\/2026\/01\/JD_amaparoPacheco.jpg\" class=\"attachment-full size-full wp-image-410\" alt=\"\" srcset=\"https:\/\/fundcapp.org\/es\/wp-content\/uploads\/2026\/01\/JD_amaparoPacheco.jpg 240w, https:\/\/fundcapp.org\/es\/wp-content\/uploads\/2026\/01\/JD_amaparoPacheco-150x150.jpg 150w\" sizes=\"(max-width: 240px) 100vw, 240px\" \/><\/figure><div class=\"elementor-image-box-content\"><h3 class=\"elementor-image-box-title\"> Amparo Pacheco Machado - Vocal<\/h3><p class=\"elementor-image-box-description\">Nacida en Valencia. Licenciada en Derecho, UV. Posgrado en Inmigraci\u00f3n, Integraci\u00f3n y Derechos, UV.\nCertificado de Estudios Isl\u00e1micos, IESH (Par\u00eds) Experta profesional en Derechos Humanos y Religiones en Espa\u00f1a, UNED.\nFuncionaria Administraci\u00f3n Local, t\u00e9cnica media de gesti\u00f3n.<\/p><\/div><\/div>\t\t\t\t<\/div>\n\t\t\t\t\t<\/div>\n\t\t\t\t<\/div>\n\t\t\t\t<\/div>\n\t\t","protected":false},"excerpt":{"rendered":"<p>Qui\u00e9nes Somos La Fundaci\u00f3n comit\u00e9 de apoyo al pueblo palestino \u00a0fue constituida con fecha dieciocho de diciembre de 2007 y consta inscrita en el Registro de Fundaciones de competencia estatal por Resoluci\u00f3n de 26 de octubre de 2018, siendo el n\u00ba de Registro asignado el 2116. La inscripci\u00f3n conlleva el reconocimiento del inter\u00e9s general de &#8230; <a title=\"Qui\u00e9nes Somos\" class=\"read-more\" href=\"https:\/\/fundcapp.org\/es\/quienes-somos\/\" aria-label=\"Leer m\u00e1s sobre Qui\u00e9nes Somos\">Leer m\u00e1s<\/a><\/p>\n","protected":false},"author":1,"featured_media":0,"parent":0,"menu_order":0,"comment_status":"closed","ping_status":"closed","template":"elementor_header_footer","meta":{"give_campaign_id":0,"footnotes":""},"class_list":["post-389","page","type-page","status-publish"],"campaignId":"","_links":{"self":[{"href":"https:\/\/fundcapp.org\/es\/wp-json\/wp\/v2\/pages\/389","targetHints":{"allow":["GET"]}}],"collection":[{"href":"https:\/\/fundcapp.org\/es\/wp-json\/wp\/v2\/pages"}],"about":[{"href":"https:\/\/fundcapp.org\/es\/wp-json\/wp\/v2\/types\/page"}],"author":[{"embeddable":true,"href":"https:\/\/fundcapp.org\/es\/wp-json\/wp\/v2\/users\/1"}],"replies":[{"embeddable":true,"href":"https:\/\/fundcapp.org\/es\/wp-json\/wp\/v2\/comments?post=389"}],"version-history":[{"count":10,"href":"https:\/\/fundcapp.org\/es\/wp-json\/wp\/v2\/pages\/389\/revisions"}],"predecessor-version":[{"id":413,"href":"https:\/\/fundcapp.org\/es\/wp-json\/wp\/v2\/pages\/389\/revisions\/413"}],"wp:attachment":[{"href":"https:\/\/fundcapp.org\/es\/wp-json\/wp\/v2\/media?parent=389"}],"curies":[{"name":"wp","href":"https:\/\/api.w.org\/{rel}","templated":true}]}}