{"id":653,"date":"2026-01-25T19:46:14","date_gmt":"2026-01-25T18:46:14","guid":{"rendered":"https:\/\/fundcapp.org\/es\/?page_id=653"},"modified":"2026-01-25T19:50:16","modified_gmt":"2026-01-25T18:50:16","slug":"firma-para-poner-fin-al-bloqueo-en-gaza","status":"publish","type":"page","link":"https:\/\/fundcapp.org\/es\/firma-para-poner-fin-al-bloqueo-en-gaza\/","title":{"rendered":"Firma para poner fin al Bloqueo en Gaza"},"content":{"rendered":"\t\t<div data-elementor-type=\"wp-page\" data-elementor-id=\"653\" class=\"elementor elementor-653\" data-elementor-post-type=\"page\">\n\t\t\t\t<div class=\"elementor-element elementor-element-56a3b76 e-flex e-con-boxed e-con e-parent\" data-id=\"56a3b76\" data-element_type=\"container\" data-e-type=\"container\" data-settings=\"{&quot;background_background&quot;:&quot;classic&quot;,&quot;jet_parallax_layout_list&quot;:[]}\">\n\t\t\t\t\t<div class=\"e-con-inner\">\n\t\t\t\t<div class=\"elementor-element elementor-element-85f7822 elementor-widget elementor-widget-heading\" data-id=\"85f7822\" data-element_type=\"widget\" data-e-type=\"widget\" data-widget_type=\"heading.default\">\n\t\t\t\t\t<h1 class=\"elementor-heading-title elementor-size-default\">Firma para poner fin al Bloqueo en Gaza<\/h1>\t\t\t\t<\/div>\n\t\t\t\t\t<\/div>\n\t\t\t\t<\/div>\n\t\t<div class=\"elementor-element elementor-element-b3ea1ad e-flex e-con-boxed e-con e-parent\" data-id=\"b3ea1ad\" data-element_type=\"container\" data-e-type=\"container\" data-settings=\"{&quot;jet_parallax_layout_list&quot;:[]}\">\n\t\t\t\t\t<div class=\"e-con-inner\">\n\t\t<div class=\"elementor-element elementor-element-48dbc0f e-con-full e-flex e-con e-child\" data-id=\"48dbc0f\" data-element_type=\"container\" data-e-type=\"container\" data-settings=\"{&quot;jet_parallax_layout_list&quot;:[]}\">\n\t\t\t\t<div class=\"elementor-element elementor-element-a3eb738 elementor-widget elementor-widget-text-editor\" data-id=\"a3eb738\" data-element_type=\"widget\" data-e-type=\"widget\" data-widget_type=\"text-editor.default\">\n\t\t\t\t\t\t\t\t\t<p>En la peque\u00f1a superficie de la franja de Gaza, viven m\u00e1s de\u00a0<strong>2 millones<\/strong>\u00a0palestinos hacinados en unas p\u00e9simas condiciones econ\u00f3micas y de vida a causa del contin\u00fao embargo israel\u00ed desde el a\u00f1o 2006.<\/p><p>Seg\u00fan &#8220;el Observatorio Euro-mediterr\u00e1neo para los Derechos Humanos&#8221;, en el a\u00f1o 2020, el \u00edndice del paro alcanz\u00f3 m\u00e1s del\u00a0<strong>49%<\/strong>, mientras la pobreza alcanz\u00f3 el\u00a0<strong>56%<\/strong>, en medio del embargo que segu\u00eda vigente y sin tregua.<\/p><p>Desde que Israel declar\u00f3 la guerra sobre la franja de Gaza el 10 mayo 2021, sigue estrechando el cerco estrangulando la econom\u00eda de la franja. No se limit\u00f3 a destruir decenas de f\u00e1bricas e instalaciones comerciales, sino que sigue con el embargo impidiendo la entrada de muchas materias primas necesarias para muchas industrias.<\/p><p>Seg\u00fan datos del `Centro Palestino de Estad\u00edsticas\u00b4, los \u00edndices de paro y pobreza en Gaza han aumentado, durante los \u00faltimos tres meses del a\u00f1o pasado, hasta alcanzar el 89%, un porcentaje nunca alcanzo antes en las tierras palestinas, ya que antes de la \u00faltima guerra era del 75%.<\/p><p>Cabe destacar que la econom\u00eda de Gaza, antes del 2020, estaba sufriendo durante d\u00e9cadas por factores externos e internos, siendo el embargo el factor m\u00e1s peligroso y<\/p><p>m\u00e1s da\u00f1ino. De los problemas econ\u00f3micos m\u00e1s importantes que afectan a la franja actualmente:<\/p><p>\u2666 El aumento del \u00edndice de paro a un nivel alt\u00edsimo y sin precedente.<\/p><p>\u2666 El deterioro considerable del nivel de vida.<\/p><p>\u2666 La fuerte bajada de los sueldos.<\/p><p>El\u00a0<strong>80%\u00a0<\/strong>de las familias pobres en Gaza dependen de las ayudas humanitarias prestadas por las asociaciones ben\u00e9ficas. Y nosotros, en la fundaci\u00f3n CAPP, sabemos de primera mano la dureza de las condiciones de vida de esas familias, prueba de ello nuestra larga y demostrada experiencia a trav\u00e9s de nuestros proyectos permanentes como los apadrinamientos de hu\u00e9rfanos, la campa\u00f1a de Ramad\u00e1n\u2026<\/p>\t\t\t\t\t\t\t\t<\/div>\n\t\t\t\t<div class=\"elementor-element elementor-element-5d3151d elementor-widget elementor-widget-image\" data-id=\"5d3151d\" data-element_type=\"widget\" data-e-type=\"widget\" data-widget_type=\"image.default\">\n\t\t\t\t\t\t\t\t\t\t\t\t\t\t\t<img fetchpriority=\"high\" decoding=\"async\" width=\"768\" height=\"768\" src=\"https:\/\/fundcapp.org\/es\/wp-content\/uploads\/2026\/01\/gazaSituacionHumanistaria.jpg\" class=\"attachment-large size-large wp-image-659\" alt=\"\" srcset=\"https:\/\/fundcapp.org\/es\/wp-content\/uploads\/2026\/01\/gazaSituacionHumanistaria.jpg 768w, https:\/\/fundcapp.org\/es\/wp-content\/uploads\/2026\/01\/gazaSituacionHumanistaria-300x300.jpg 300w, https:\/\/fundcapp.org\/es\/wp-content\/uploads\/2026\/01\/gazaSituacionHumanistaria-150x150.jpg 150w\" sizes=\"(max-width: 768px) 100vw, 768px\" \/>\t\t\t\t\t\t\t\t\t\t\t\t\t\t\t<\/div>\n\t\t\t\t<\/div>\n\t\t<div class=\"elementor-element elementor-element-0f8a7f0 e-con-full e-flex e-con e-child\" data-id=\"0f8a7f0\" data-element_type=\"container\" data-e-type=\"container\" data-settings=\"{&quot;jet_parallax_layout_list&quot;:[]}\">\n\t\t\t\t<div class=\"elementor-element elementor-element-da7ac8c elementor-widget elementor-widget-heading\" data-id=\"da7ac8c\" data-element_type=\"widget\" data-e-type=\"widget\" data-widget_type=\"heading.default\">\n\t\t\t\t\t<p class=\"elementor-heading-title elementor-size-default\">Aqu\u00ed el formulario de recogida de Firmas<\/p>\t\t\t\t<\/div>\n\t\t\t\t<\/div>\n\t\t\t\t\t<\/div>\n\t\t\t\t<\/div>\n\t\t\t\t<\/div>\n\t\t","protected":false},"excerpt":{"rendered":"<p>Firma para poner fin al Bloqueo en Gaza En la peque\u00f1a superficie de la franja de Gaza, viven m\u00e1s de\u00a02 millones\u00a0palestinos hacinados en unas p\u00e9simas condiciones econ\u00f3micas y de vida a causa del contin\u00fao embargo israel\u00ed desde el a\u00f1o 2006. Seg\u00fan &#8220;el Observatorio Euro-mediterr\u00e1neo para los Derechos Humanos&#8221;, en el a\u00f1o 2020, el \u00edndice del &#8230; <a title=\"Firma para poner fin al Bloqueo en Gaza\" class=\"read-more\" href=\"https:\/\/fundcapp.org\/es\/firma-para-poner-fin-al-bloqueo-en-gaza\/\" aria-label=\"Leer m\u00e1s sobre Firma para poner fin al Bloqueo en Gaza\">Leer m\u00e1s<\/a><\/p>\n","protected":false},"author":1,"featured_media":0,"parent":0,"menu_order":0,"comment_status":"closed","ping_status":"closed","template":"elementor_header_footer","meta":{"give_campaign_id":0,"footnotes":""},"class_list":["post-653","page","type-page","status-publish"],"campaignId":"","_links":{"self":[{"href":"https:\/\/fundcapp.org\/es\/wp-json\/wp\/v2\/pages\/653","targetHints":{"allow":["GET"]}}],"collection":[{"href":"https:\/\/fundcapp.org\/es\/wp-json\/wp\/v2\/pages"}],"about":[{"href":"https:\/\/fundcapp.org\/es\/wp-json\/wp\/v2\/types\/page"}],"author":[{"embeddable":true,"href":"https:\/\/fundcapp.org\/es\/wp-json\/wp\/v2\/users\/1"}],"replies":[{"embeddable":true,"href":"https:\/\/fundcapp.org\/es\/wp-json\/wp\/v2\/comments?post=653"}],"version-history":[{"count":4,"href":"https:\/\/fundcapp.org\/es\/wp-json\/wp\/v2\/pages\/653\/revisions"}],"predecessor-version":[{"id":671,"href":"https:\/\/fundcapp.org\/es\/wp-json\/wp\/v2\/pages\/653\/revisions\/671"}],"wp:attachment":[{"href":"https:\/\/fundcapp.org\/es\/wp-json\/wp\/v2\/media?parent=653"}],"curies":[{"name":"wp","href":"https:\/\/api.w.org\/{rel}","templated":true}]}}